{"id":231,"date":"2019-09-24T16:35:52","date_gmt":"2019-09-24T14:35:52","guid":{"rendered":"https:\/\/lefilentrop.fr\/?page_id=231"},"modified":"2023-02-18T12:34:00","modified_gmt":"2023-02-18T11:34:00","slug":"qui","status":"publish","type":"page","link":"https:\/\/lefilentrop.fr\/?page_id=231","title":{"rendered":"Le concept"},"content":{"rendered":"\n<h2 class=\"has-text-align-center wp-block-heading\"><strong>QUI ?<\/strong><\/h2>\n\n\n\n<div class=\"wp-block-image is-style-rounded\"><figure class=\"aligncenter size-large is-resized\"><img loading=\"lazy\" decoding=\"async\" src=\"https:\/\/lefilentrop.fr\/wp-content\/uploads\/2021\/02\/MAR_4712-683x1024.jpg\" alt=\"\" class=\"wp-image-2433\" width=\"249\" height=\"373\" srcset=\"https:\/\/lefilentrop.fr\/wp-content\/uploads\/2021\/02\/MAR_4712-683x1024.jpg 683w, https:\/\/lefilentrop.fr\/wp-content\/uploads\/2021\/02\/MAR_4712-200x300.jpg 200w, https:\/\/lefilentrop.fr\/wp-content\/uploads\/2021\/02\/MAR_4712-768x1152.jpg 768w, https:\/\/lefilentrop.fr\/wp-content\/uploads\/2021\/02\/MAR_4712-1024x1536.jpg 1024w, https:\/\/lefilentrop.fr\/wp-content\/uploads\/2021\/02\/MAR_4712-1365x2048.jpg 1365w, https:\/\/lefilentrop.fr\/wp-content\/uploads\/2021\/02\/MAR_4712-600x900.jpg 600w, https:\/\/lefilentrop.fr\/wp-content\/uploads\/2021\/02\/MAR_4712-40x60.jpg 40w, https:\/\/lefilentrop.fr\/wp-content\/uploads\/2021\/02\/MAR_4712-60x90.jpg 60w, https:\/\/lefilentrop.fr\/wp-content\/uploads\/2021\/02\/MAR_4712-scaled.jpg 1707w\" sizes=\"(max-width: 249px) 100vw, 249px\" \/><\/figure><\/div>\n\n\n\n<p>Bonjour !<\/p>\n\n\n\n<p>Je m&#8217;appelle Chlo\u00e9, je suis la g\u00e9rante du Fil en Trop&#8217; et passionn\u00e9e de tricot.<\/p>\n\n\n\n<p>Je fais le choix de vous proposer des laines produites en France : BERG\u00c8RE DE FRANCE  ainsi qu&#8217;une gamme qui propose des laines 100% naturelles : WE ARE KNITTERS.<\/p>\n\n\n\n<p>Les produits d&#8217;\u00e9picerie fine sont issus d&#8217;une Soci\u00e9t\u00e9 Coop\u00e9rative et Participative, celle-ci me permet de vous proposer un large choix de produits et boissons biologiques s\u00e9lectionn\u00e9es selon des crit\u00e8res de qualit\u00e9, de proximit\u00e9, de terroir et d&#8217;\u00e9thique.<\/p>\n\n\n\n<p>A tr\u00e8s vite j&#8217;esp\u00e8re !<\/p>\n\n\n\n<p><\/p>\n\n\n\n<h2 class=\"has-text-align-center wp-block-heading\"><strong>QUOI ?<\/strong><\/h2>\n\n\n\n<div class=\"wp-block-image is-style-rounded\"><figure class=\"aligncenter size-large is-resized\"><img loading=\"lazy\" decoding=\"async\" src=\"https:\/\/lefilentrop.fr\/wp-content\/uploads\/2021\/02\/IMG_20200619_142359-1024x1024.jpg\" alt=\"\" class=\"wp-image-2435\" width=\"362\" height=\"362\" srcset=\"https:\/\/lefilentrop.fr\/wp-content\/uploads\/2021\/02\/IMG_20200619_142359-1024x1024.jpg 1024w, https:\/\/lefilentrop.fr\/wp-content\/uploads\/2021\/02\/IMG_20200619_142359-300x300.jpg 300w, https:\/\/lefilentrop.fr\/wp-content\/uploads\/2021\/02\/IMG_20200619_142359-150x150.jpg 150w, https:\/\/lefilentrop.fr\/wp-content\/uploads\/2021\/02\/IMG_20200619_142359-768x768.jpg 768w, https:\/\/lefilentrop.fr\/wp-content\/uploads\/2021\/02\/IMG_20200619_142359-1536x1536.jpg 1536w, https:\/\/lefilentrop.fr\/wp-content\/uploads\/2021\/02\/IMG_20200619_142359-2048x2048.jpg 2048w, https:\/\/lefilentrop.fr\/wp-content\/uploads\/2021\/02\/IMG_20200619_142359-600x600.jpg 600w, https:\/\/lefilentrop.fr\/wp-content\/uploads\/2021\/02\/IMG_20200619_142359-100x100.jpg 100w, https:\/\/lefilentrop.fr\/wp-content\/uploads\/2021\/02\/IMG_20200619_142359-60x60.jpg 60w, https:\/\/lefilentrop.fr\/wp-content\/uploads\/2021\/02\/IMG_20200619_142359-90x90.jpg 90w\" sizes=\"(max-width: 362px) 100vw, 362px\" \/><\/figure><\/div>\n\n\n\n<p>Un caf\u00e9 tricot c\u2019est quoi&nbsp;?<\/p>\n\n\n\n<p>C\u2019est un concept original qui allie th\u00e9 et tricot. Un espace chaleureux et de d\u00e9tente proposant diff\u00e9rentes boissons accompagn\u00e9es de p\u00e2tisseries faites maisons ainsi qu\u2019une large gamme de produits autour du th\u00e9 et du tricot.<\/p>\n\n\n\n<p>Pelotes de laine, aiguilles \u00e0 tricoter, crochets, boutons, th\u00e9s en vrac, caf\u00e9s et infusions sont disponibles \u00e0 la vente et pour le plaisir des yeux.<\/p>\n\n\n\n<p><strong>Le Fil en Trop\u2019 s\u2019engage \u00e0 vous proposer des produits responsables et \u00e9thiques, issus de l\u2019agriculture biologique et respectueux de l\u2019environnement et des animaux.<\/strong><\/p>\n\n\n\n<p>N\u2019h\u00e9sitez plus et venez d\u00e9couvrir la boutique !<\/p>\n\n\n\n<div class=\"wp-block-image is-style-rounded\"><figure class=\"aligncenter size-large is-resized\"><img decoding=\"async\" src=\"https:\/\/lefilentrop.fr\/wp-content\/uploads\/2020\/06\/IMG_20200603_113208-1024x768.jpg\" alt=\"\" class=\"wp-image-587\" width=\"-62\" height=\"-46\" srcset=\"https:\/\/lefilentrop.fr\/wp-content\/uploads\/2020\/06\/IMG_20200603_113208-1024x768.jpg 1024w, https:\/\/lefilentrop.fr\/wp-content\/uploads\/2020\/06\/IMG_20200603_113208-scaled-600x450.jpg 600w, https:\/\/lefilentrop.fr\/wp-content\/uploads\/2020\/06\/IMG_20200603_113208-300x225.jpg 300w, https:\/\/lefilentrop.fr\/wp-content\/uploads\/2020\/06\/IMG_20200603_113208-768x576.jpg 768w, https:\/\/lefilentrop.fr\/wp-content\/uploads\/2020\/06\/IMG_20200603_113208-1536x1152.jpg 1536w, https:\/\/lefilentrop.fr\/wp-content\/uploads\/2020\/06\/IMG_20200603_113208-2048x1536.jpg 2048w\" sizes=\"(max-width: 1024px) 100vw, 1024px\" \/><\/figure><\/div>\n\n\n\n<p><em>Nous proposons comme produits les marques : BERG\u00c8RE DE FRANCE, WE ARE KNITTERS, LA ROUTE DES COMPTOIRS, MAKEDA\u2026<\/em><\/p>\n\n\n\n<p><\/p>\n\n\n\n<h2 class=\"has-text-align-center wp-block-heading\"><strong>O\u00f9 ?<\/strong><\/h2>\n\n\n\n<p>Pour nous trouver, une seule adresse :&nbsp;<strong>128 rue d\u2019Aubagne, 13006 MARSEILLE.<\/strong><\/p>\n\n\n\n<p>A deux pas du Cours Julien et 10 minutes \u00e0 pied du centre ville, pour venir vous pouvez emprunter :<\/p>\n\n\n\n<ul><li>La ligne de M\u00e9tro M2, arr\u00eat : Notre-Dame Du Mont<\/li><li>Le bus N\u00b081, arr\u00eat : M\u00e9tro Notre-Dame du Mont<\/li><li>Le bus N\u00b074, arr\u00eat : M\u00e9tro Notre Dame du Mont<\/li><li>Le parking souterrain du Cours Julien<\/li><\/ul>\n\n\n\n<figure class=\"wp-block-image size-large\"><img loading=\"lazy\" decoding=\"async\" width=\"450\" height=\"393\" src=\"https:\/\/lefilentrop.fr\/wp-content\/uploads\/2020\/06\/carte-ok.png\" alt=\"\" class=\"wp-image-598\" srcset=\"https:\/\/lefilentrop.fr\/wp-content\/uploads\/2020\/06\/carte-ok.png 450w, https:\/\/lefilentrop.fr\/wp-content\/uploads\/2020\/06\/carte-ok-300x262.png 300w\" sizes=\"(max-width: 450px) 100vw, 450px\" \/><\/figure>\n","protected":false},"excerpt":{"rendered":"<p>QUI ? Bonjour ! Je m&#8217;appelle Chlo\u00e9, je suis la g\u00e9rante du Fil en Trop&#8217; et passionn\u00e9e de tricot. Je fais le choix de vous proposer des laines produites en France : BERG\u00c8RE DE FRANCE ainsi qu&#8217;une gamme qui propose des laines 100% naturelles : WE ARE KNITTERS. Les produits d&#8217;\u00e9picerie fine sont issus d&#8217;une [&hellip;]<\/p>\n","protected":false},"author":1,"featured_media":0,"parent":0,"menu_order":0,"comment_status":"closed","ping_status":"closed","template":"","meta":{"footnotes":""},"yoast_head":"<!-- This site is optimized with the Yoast SEO plugin v21.9.1 - https:\/\/yoast.com\/wordpress\/plugins\/seo\/ -->\n<title>Le concept - Le Fil en Trop&#039; _ Caf\u00e9 Tricot<\/title>\n<meta name=\"robots\" content=\"index, follow, max-snippet:-1, max-image-preview:large, max-video-preview:-1\" \/>\n<link rel=\"canonical\" href=\"https:\/\/lefilentrop.fr\/?page_id=231\" \/>\n<meta property=\"og:locale\" content=\"en_US\" \/>\n<meta property=\"og:type\" content=\"article\" \/>\n<meta property=\"og:title\" content=\"Le concept - Le Fil en Trop&#039; _ Caf\u00e9 Tricot\" \/>\n<meta property=\"og:description\" content=\"QUI ? Bonjour ! Je m&#8217;appelle Chlo\u00e9, je suis la g\u00e9rante du Fil en Trop&#8217; et passionn\u00e9e de tricot. Je fais le choix de vous proposer des laines produites en France : BERG\u00c8RE DE FRANCE ainsi qu&#8217;une gamme qui propose des laines 100% naturelles : WE ARE KNITTERS. Les produits d&#8217;\u00e9picerie fine sont issus d&#8217;une [&hellip;]\" \/>\n<meta property=\"og:url\" content=\"https:\/\/lefilentrop.fr\/?page_id=231\" \/>\n<meta property=\"og:site_name\" content=\"Le Fil en Trop&#039; _ Caf\u00e9 Tricot\" \/>\n<meta property=\"article:publisher\" content=\"https:\/\/www.facebook.com\/lefilentrop.marseille\" \/>\n<meta property=\"article:modified_time\" content=\"2023-02-18T11:34:00+00:00\" \/>\n<meta property=\"og:image\" content=\"https:\/\/lefilentrop.fr\/wp-content\/uploads\/2021\/02\/MAR_4712-683x1024.jpg\" \/>\n<meta name=\"twitter:card\" content=\"summary_large_image\" \/>\n<meta name=\"twitter:label1\" content=\"Est. reading time\" \/>\n\t<meta name=\"twitter:data1\" content=\"1 minute\" \/>\n<script type=\"application\/ld+json\" class=\"yoast-schema-graph\">{\"@context\":\"https:\/\/schema.org\",\"@graph\":[{\"@type\":\"WebPage\",\"@id\":\"https:\/\/lefilentrop.fr\/?page_id=231\",\"url\":\"https:\/\/lefilentrop.fr\/?page_id=231\",\"name\":\"Le concept - Le Fil en Trop&#039; _ Caf\u00e9 Tricot\",\"isPartOf\":{\"@id\":\"https:\/\/lefilentrop.fr\/#website\"},\"datePublished\":\"2019-09-24T14:35:52+00:00\",\"dateModified\":\"2023-02-18T11:34:00+00:00\",\"breadcrumb\":{\"@id\":\"https:\/\/lefilentrop.fr\/?page_id=231#breadcrumb\"},\"inLanguage\":\"en-US\",\"potentialAction\":[{\"@type\":\"ReadAction\",\"target\":[\"https:\/\/lefilentrop.fr\/?page_id=231\"]}]},{\"@type\":\"BreadcrumbList\",\"@id\":\"https:\/\/lefilentrop.fr\/?page_id=231#breadcrumb\",\"itemListElement\":[{\"@type\":\"ListItem\",\"position\":1,\"name\":\"Accueil\",\"item\":\"https:\/\/lefilentrop.fr\/\"},{\"@type\":\"ListItem\",\"position\":2,\"name\":\"Le concept\"}]},{\"@type\":\"WebSite\",\"@id\":\"https:\/\/lefilentrop.fr\/#website\",\"url\":\"https:\/\/lefilentrop.fr\/\",\"name\":\"Le Fil en Trop' Caf\u00e9 Tricot\",\"description\":\"124 rue d&#039;Aubagne - 13006 Marseille\",\"publisher\":{\"@id\":\"https:\/\/lefilentrop.fr\/#organization\"},\"potentialAction\":[{\"@type\":\"SearchAction\",\"target\":{\"@type\":\"EntryPoint\",\"urlTemplate\":\"https:\/\/lefilentrop.fr\/?s={search_term_string}\"},\"query-input\":\"required name=search_term_string\"}],\"inLanguage\":\"en-US\"},{\"@type\":\"Organization\",\"@id\":\"https:\/\/lefilentrop.fr\/#organization\",\"name\":\"Le Fil en Trop'\",\"url\":\"https:\/\/lefilentrop.fr\/\",\"logo\":{\"@type\":\"ImageObject\",\"inLanguage\":\"en-US\",\"@id\":\"https:\/\/lefilentrop.fr\/#\/schema\/logo\/image\/\",\"url\":\"https:\/\/lefilentrop.fr\/wp-content\/uploads\/2020\/11\/lefilentrop.logo_.1-e1604242662254.png\",\"contentUrl\":\"https:\/\/lefilentrop.fr\/wp-content\/uploads\/2020\/11\/lefilentrop.logo_.1-e1604242662254.png\",\"width\":100,\"height\":99,\"caption\":\"Le Fil en Trop'\"},\"image\":{\"@id\":\"https:\/\/lefilentrop.fr\/#\/schema\/logo\/image\/\"},\"sameAs\":[\"https:\/\/www.facebook.com\/lefilentrop.marseille\",\"https:\/\/www.instagram.com\/lefilentrop.marseille\/?hl=fr\"]}]}<\/script>\n<!-- \/ Yoast SEO plugin. -->","yoast_head_json":{"title":"Le concept - Le Fil en Trop&#039; _ Caf\u00e9 Tricot","robots":{"index":"index","follow":"follow","max-snippet":"max-snippet:-1","max-image-preview":"max-image-preview:large","max-video-preview":"max-video-preview:-1"},"canonical":"https:\/\/lefilentrop.fr\/?page_id=231","og_locale":"en_US","og_type":"article","og_title":"Le concept - Le Fil en Trop&#039; _ Caf\u00e9 Tricot","og_description":"QUI ? Bonjour ! Je m&#8217;appelle Chlo\u00e9, je suis la g\u00e9rante du Fil en Trop&#8217; et passionn\u00e9e de tricot. Je fais le choix de vous proposer des laines produites en France : BERG\u00c8RE DE FRANCE ainsi qu&#8217;une gamme qui propose des laines 100% naturelles : WE ARE KNITTERS. Les produits d&#8217;\u00e9picerie fine sont issus d&#8217;une [&hellip;]","og_url":"https:\/\/lefilentrop.fr\/?page_id=231","og_site_name":"Le Fil en Trop&#039; _ Caf\u00e9 Tricot","article_publisher":"https:\/\/www.facebook.com\/lefilentrop.marseille","article_modified_time":"2023-02-18T11:34:00+00:00","og_image":[{"url":"https:\/\/lefilentrop.fr\/wp-content\/uploads\/2021\/02\/MAR_4712-683x1024.jpg"}],"twitter_card":"summary_large_image","twitter_misc":{"Est. reading time":"1 minute"},"schema":{"@context":"https:\/\/schema.org","@graph":[{"@type":"WebPage","@id":"https:\/\/lefilentrop.fr\/?page_id=231","url":"https:\/\/lefilentrop.fr\/?page_id=231","name":"Le concept - Le Fil en Trop&#039; _ Caf\u00e9 Tricot","isPartOf":{"@id":"https:\/\/lefilentrop.fr\/#website"},"datePublished":"2019-09-24T14:35:52+00:00","dateModified":"2023-02-18T11:34:00+00:00","breadcrumb":{"@id":"https:\/\/lefilentrop.fr\/?page_id=231#breadcrumb"},"inLanguage":"en-US","potentialAction":[{"@type":"ReadAction","target":["https:\/\/lefilentrop.fr\/?page_id=231"]}]},{"@type":"BreadcrumbList","@id":"https:\/\/lefilentrop.fr\/?page_id=231#breadcrumb","itemListElement":[{"@type":"ListItem","position":1,"name":"Accueil","item":"https:\/\/lefilentrop.fr\/"},{"@type":"ListItem","position":2,"name":"Le concept"}]},{"@type":"WebSite","@id":"https:\/\/lefilentrop.fr\/#website","url":"https:\/\/lefilentrop.fr\/","name":"Le Fil en Trop' Caf\u00e9 Tricot","description":"124 rue d&#039;Aubagne - 13006 Marseille","publisher":{"@id":"https:\/\/lefilentrop.fr\/#organization"},"potentialAction":[{"@type":"SearchAction","target":{"@type":"EntryPoint","urlTemplate":"https:\/\/lefilentrop.fr\/?s={search_term_string}"},"query-input":"required name=search_term_string"}],"inLanguage":"en-US"},{"@type":"Organization","@id":"https:\/\/lefilentrop.fr\/#organization","name":"Le Fil en Trop'","url":"https:\/\/lefilentrop.fr\/","logo":{"@type":"ImageObject","inLanguage":"en-US","@id":"https:\/\/lefilentrop.fr\/#\/schema\/logo\/image\/","url":"https:\/\/lefilentrop.fr\/wp-content\/uploads\/2020\/11\/lefilentrop.logo_.1-e1604242662254.png","contentUrl":"https:\/\/lefilentrop.fr\/wp-content\/uploads\/2020\/11\/lefilentrop.logo_.1-e1604242662254.png","width":100,"height":99,"caption":"Le Fil en Trop'"},"image":{"@id":"https:\/\/lefilentrop.fr\/#\/schema\/logo\/image\/"},"sameAs":["https:\/\/www.facebook.com\/lefilentrop.marseille","https:\/\/www.instagram.com\/lefilentrop.marseille\/?hl=fr"]}]}},"jetpack_sharing_enabled":true,"_links":{"self":[{"href":"https:\/\/lefilentrop.fr\/index.php?rest_route=\/wp\/v2\/pages\/231"}],"collection":[{"href":"https:\/\/lefilentrop.fr\/index.php?rest_route=\/wp\/v2\/pages"}],"about":[{"href":"https:\/\/lefilentrop.fr\/index.php?rest_route=\/wp\/v2\/types\/page"}],"author":[{"embeddable":true,"href":"https:\/\/lefilentrop.fr\/index.php?rest_route=\/wp\/v2\/users\/1"}],"replies":[{"embeddable":true,"href":"https:\/\/lefilentrop.fr\/index.php?rest_route=%2Fwp%2Fv2%2Fcomments&post=231"}],"version-history":[{"count":16,"href":"https:\/\/lefilentrop.fr\/index.php?rest_route=\/wp\/v2\/pages\/231\/revisions"}],"predecessor-version":[{"id":2437,"href":"https:\/\/lefilentrop.fr\/index.php?rest_route=\/wp\/v2\/pages\/231\/revisions\/2437"}],"wp:attachment":[{"href":"https:\/\/lefilentrop.fr\/index.php?rest_route=%2Fwp%2Fv2%2Fmedia&parent=231"}],"curies":[{"name":"wp","href":"https:\/\/api.w.org\/{rel}","templated":true}]}}